{"id":4109,"date":"2025-10-03T16:16:49","date_gmt":"2025-10-03T16:16:49","guid":{"rendered":"https:\/\/www.concreteacoustics.com\/chi-siamo\/"},"modified":"2026-07-31T09:25:31","modified_gmt":"2026-07-31T09:25:31","slug":"chi-siamo","status":"publish","type":"page","link":"https:\/\/www.concreteacoustics.com\/it\/chi-siamo\/","title":{"rendered":"Chi siamo"},"content":{"rendered":"\t\t<div data-elementor-type=\"wp-page\" data-elementor-id=\"4109\" class=\"elementor elementor-4109 elementor-636\" data-elementor-post-type=\"page\">\n\t\t\t\t<div class=\"elementor-element elementor-element-151f6b7 e-con-full main_container e-flex e-con e-parent\" data-id=\"151f6b7\" data-element_type=\"container\" data-e-type=\"container\">\n\t\t<div class=\"elementor-element elementor-element-c37ff17 e-flex e-con-boxed e-con e-child\" data-id=\"c37ff17\" data-element_type=\"container\" data-e-type=\"container\">\n\t\t\t\t\t<div class=\"e-con-inner\">\n\t\t\t\t<div class=\"elementor-element elementor-element-1cd4d9c elementor-widget__width-initial elementor-widget elementor-widget-heading\" data-id=\"1cd4d9c\" data-element_type=\"widget\" data-e-type=\"widget\" data-widget_type=\"heading.default\">\n\t\t\t\t\t<h1 class=\"elementor-heading-title elementor-size-default\">Ci impegniamo a creare ambienti sonori ottimali<\/h1>\t\t\t\t<\/div>\n\t\t\t\t\t<\/div>\n\t\t\t\t<\/div>\n\t\t<div class=\"elementor-element elementor-element-834efae e-flex e-con-boxed e-con e-child\" data-id=\"834efae\" data-element_type=\"container\" data-e-type=\"container\">\n\t\t\t\t\t<div class=\"e-con-inner\">\n\t\t<div class=\"elementor-element elementor-element-4491fe9 e-con-full elementor-hidden-mobile e-flex e-con e-child\" data-id=\"4491fe9\" data-element_type=\"container\" data-e-type=\"container\">\n\t\t\t\t<div class=\"elementor-element elementor-element-0977839 elementor-widget__width-initial elementor-widget-tablet_extra__width-inherit elementor-widget elementor-widget-heading\" data-id=\"0977839\" data-element_type=\"widget\" data-e-type=\"widget\" data-widget_type=\"heading.default\">\n\t\t\t\t\t<h3 class=\"elementor-heading-title elementor-size-default\">Chi siamo<\/h3>\t\t\t\t<\/div>\n\t\t\t\t<\/div>\n\t\t<div class=\"elementor-element elementor-element-94e607b e-con-full e-flex e-con e-child\" data-id=\"94e607b\" data-element_type=\"container\" data-e-type=\"container\">\n\t\t\t\t<div class=\"elementor-element elementor-element-fc9f82c elementor-widget__width-initial elementor-widget-mobile__width-inherit elementor-widget elementor-widget-text-editor\" data-id=\"fc9f82c\" data-element_type=\"widget\" data-e-type=\"widget\" data-widget_type=\"text-editor.default\">\n\t\t\t\t\t\t\t\t\t<p>Fondata nel 1988 dai soci Lucio Visintini e Patrizia Buzzi, Gruppo Concrete Srl \u00e8 una societ\u00e0 di ingegneria con una lunga esperienza in acustica, elettroacustica e vibrazioni.<\/p><p>Dopo tre decenni di storia, abbiamo adottato il marchio Concrete Acoustics proprio per sottolineare la specificit\u00e0 del nostro campo di competenza.<\/p>\t\t\t\t\t\t\t\t<\/div>\n\t\t\t\t<\/div>\n\t\t\t\t\t<\/div>\n\t\t\t\t<\/div>\n\t\t<div class=\"elementor-element elementor-element-b929788 e-flex e-con-boxed e-con e-child\" data-id=\"b929788\" data-element_type=\"container\" data-e-type=\"container\">\n\t\t\t\t\t<div class=\"e-con-inner\">\n\t\t\t\t<div class=\"elementor-element elementor-element-45b7425 elementor-widget__width-initial elementor-widget elementor-widget-text-editor\" data-id=\"45b7425\" data-element_type=\"widget\" data-e-type=\"widget\" data-widget_type=\"text-editor.default\">\n\t\t\t\t\t\t\t\t\t<p><span style=\"font-weight: 400;\">Abbiamo offerto i nostri servizi a una clientela molto diversificata, con centinaia di progetti completati. Tra i nostri clienti pi\u00f9 prestigiosi figurano i principali broadcaster italiani (Mediaset e RAI), rinomati conservatori di musica (Mantova, Frosinone, Brescia), importanti realt\u00e0 industriali (Leonardo S.p.A., Piaggio Aero Industries, Gruppo A2A), fondazioni culturali pubbliche e private (Fondazione Prada, Triennale Milano) ed enti del settore pubblico (Comune di Varese, Provincia di Mantova, Provincia del Verbano-Cusio-Ossola). <\/span><\/p><p><span style=\"font-weight: 400;\">Vantiamo una solida reputazione nella progettazione di spazi ad alte prestazioni ingegnerizzati per la produzione musicale, lo spettacolo e i media. Grazie a oltre trent&#8217;anni di esperienza nel settore, siamo stati in grado di identificare e gestire i cambiamenti tecnologici e strategici fondamentali che hanno ridefinito l&#8217;industria dei media negli ultimi vent&#8217;anni. <\/span><\/p><p><span style=\"font-weight: 400;\">I nostri esperti possiedono un&#8217;ampia comprensione delle problematiche legate alla propagazione del suono all&#8217;aperto, comprovata da una lunga esperienza nelle misurazioni del rumore e nella pianificazione della mitigazione acustica in diversi contesti, che spaziano dalle valutazioni ambientali ai luoghi di lavoro e ai macchinari in ambito industriale. Abbiamo apportato valore aggiunto a progetti su larga scala grazie alle conoscenze acquisite nel campo della ricerca sul paesaggio sonoro (soundscape), che ci permette di ampliare il punto di vista: non solo mirato al rispetto delle normative sul rumore, ma aperto anche a un approccio pi\u00f9 olistico alla progettazione urbana. <\/span><\/p><p><span style=\"font-weight: 400;\">Continuiamo a investire in tecnologia per garantire che il nostro laboratorio, in costante crescita, sia dotato di strumenti all&#8217;avanguardia per applicazioni su suoni e vibrazioni. Ci avvaliamo di avanzati software di modellazione e strumenti di previsione sia per l&#8217;acustica architettonica che per il rumore ambientale, e abbiamo spesso implementato la verifica delle prestazioni previste rispetto alle misurazioni reali per fornire risultati affidabili. <\/span><\/p><p><span style=\"font-weight: 400;\">In seguito a una vasta esperienza di collaborazione all&#8217;interno di grandi team di professionisti, crediamo fermamente che la piena integrazione tra architettura, pianificazione urbana e progettazione acustica sia fondamentale per il successo di qualsiasi progetto. Affrontare i rilievi fonometrici e le valutazioni acustiche nella fase preliminare fornisce dati preziosi in grado di orientare la scelta dei materiali, dei volumi e dell&#8217;organizzazione spaziale, garantendo risultati ottimali. <\/span><\/p>\t\t\t\t\t\t\t\t<\/div>\n\t\t\t\t\t<\/div>\n\t\t\t\t<\/div>\n\t\t\t\t<\/div>\n\t\t<div class=\"elementor-element elementor-element-1333836 our_services e-flex e-con-boxed elementor-invisible e-con e-parent\" data-id=\"1333836\" data-element_type=\"container\" data-e-type=\"container\" data-settings=\"{&quot;background_background&quot;:&quot;classic&quot;,&quot;animation&quot;:&quot;slideInUp&quot;,&quot;sticky&quot;:&quot;top&quot;,&quot;sticky_on&quot;:[&quot;desktop&quot;,&quot;tablet&quot;],&quot;sticky_offset_mobile&quot;:75,&quot;sticky_effects_offset_mobile&quot;:16,&quot;sticky_offset&quot;:0,&quot;sticky_effects_offset&quot;:0,&quot;sticky_anchor_link_offset&quot;:0}\">\n\t\t\t\t\t<div class=\"e-con-inner\">\n\t\t\t\t<div class=\"elementor-element elementor-element-9780138 elementor-widget__width-initial elementor-widget-mobile__width-auto elementor-widget elementor-widget-heading\" data-id=\"9780138\" data-element_type=\"widget\" data-e-type=\"widget\" data-widget_type=\"heading.default\">\n\t\t\t\t\t<h3 class=\"elementor-heading-title elementor-size-default\">I nostri servizi<\/h3>\t\t\t\t<\/div>\n\t\t<div class=\"elementor-element elementor-element-87410a5 e-con-full e-flex e-con e-child\" data-id=\"87410a5\" data-element_type=\"container\" data-e-type=\"container\">\n\t\t<div class=\"elementor-element elementor-element-832f1fa e-con-full e-flex e-con e-child\" data-id=\"832f1fa\" data-element_type=\"container\" data-e-type=\"container\">\n\t\t\t\t<div class=\"elementor-element elementor-element-7e4f551 elementor-widget__width-initial elementor-widget-tablet__width-inherit elementor-widget elementor-widget-heading\" data-id=\"7e4f551\" data-element_type=\"widget\" data-e-type=\"widget\" data-widget_type=\"heading.default\">\n\t\t\t\t\t<h5 class=\"elementor-heading-title elementor-size-default\">Acustica ambientale \ne controllo del rumore<\/h5>\t\t\t\t<\/div>\n\t\t<div class=\"elementor-element elementor-element-36e38fa e-con-full e-flex e-con e-child\" data-id=\"36e38fa\" data-element_type=\"container\" data-e-type=\"container\">\n\t\t\t\t<div class=\"elementor-element elementor-element-c897e2b elementor-widget elementor-widget-text-editor\" data-id=\"c897e2b\" data-element_type=\"widget\" data-e-type=\"widget\" data-widget_type=\"text-editor.default\">\n\t\t\t\t\t\t\t\t\t<p>Rilievi di rumore e vibrazioni ambientali, valutazioni di impatto acustico a supporto di domande di pianificazione e permessi, modellazione della propagazione del rumore e strategie di mitigazione<\/p>\t\t\t\t\t\t\t\t<\/div>\n\t\t\t\t<\/div>\n\t\t\t\t<\/div>\n\t\t<div class=\"elementor-element elementor-element-0ce3e23 e-con-full e-flex e-con e-child\" data-id=\"0ce3e23\" data-element_type=\"container\" data-e-type=\"container\">\n\t\t\t\t<div class=\"elementor-element elementor-element-f83506b elementor-widget__width-initial elementor-widget elementor-widget-heading\" data-id=\"f83506b\" data-element_type=\"widget\" data-e-type=\"widget\" data-widget_type=\"heading.default\">\n\t\t\t\t\t<h5 class=\"elementor-heading-title elementor-size-default\">Acustica architettonica<\/h5>\t\t\t\t<\/div>\n\t\t<div class=\"elementor-element elementor-element-4c31e6d e-con-full e-flex e-con e-child\" data-id=\"4c31e6d\" data-element_type=\"container\" data-e-type=\"container\">\n\t\t\t\t<div class=\"elementor-element elementor-element-0f3031e elementor-widget elementor-widget-text-editor\" data-id=\"0f3031e\" data-element_type=\"widget\" data-e-type=\"widget\" data-widget_type=\"text-editor.default\">\n\t\t\t\t\t\t\t\t\t<p>Progettazione dell&#8217;acustica di sale per concerti, teatri, cinema e strutture di produzione multimediale, luoghi di culto, uffici e ambienti di lavoro, inclusi modellazione acustica, sistemi di rinforzo sonoro e progettazione di sistemi AV<\/p>\t\t\t\t\t\t\t\t<\/div>\n\t\t\t\t<\/div>\n\t\t\t\t<\/div>\n\t\t<div class=\"elementor-element elementor-element-cf5ff4f e-con-full e-flex e-con e-child\" data-id=\"cf5ff4f\" data-element_type=\"container\" data-e-type=\"container\">\n\t\t\t\t<div class=\"elementor-element elementor-element-714f5aa elementor-widget__width-initial elementor-widget elementor-widget-heading\" data-id=\"714f5aa\" data-element_type=\"widget\" data-e-type=\"widget\" data-widget_type=\"heading.default\">\n\t\t\t\t\t<h5 class=\"elementor-heading-title elementor-size-default\">Acustica edilizia<\/h5>\t\t\t\t<\/div>\n\t\t<div class=\"elementor-element elementor-element-8287683 e-con-full e-flex e-con e-child\" data-id=\"8287683\" data-element_type=\"container\" data-e-type=\"container\">\n\t\t\t\t<div class=\"elementor-element elementor-element-b120356 elementor-widget elementor-widget-text-editor\" data-id=\"b120356\" data-element_type=\"widget\" data-e-type=\"widget\" data-widget_type=\"text-editor.default\">\n\t\t\t\t\t\t\t\t\t<p>Progettazione e pianificazione di scuole pubbliche, edifici aziendali e residenziali, inclusa consulenza sull&#8217;isolamento acustico, controllo del rumore HVAC e supervisione della costruzione<\/p>\t\t\t\t\t\t\t\t<\/div>\n\t\t\t\t<\/div>\n\t\t\t\t<\/div>\n\t\t<div class=\"elementor-element elementor-element-2146c60 e-con-full e-flex e-con e-child\" data-id=\"2146c60\" data-element_type=\"container\" data-e-type=\"container\">\n\t\t\t\t<div class=\"elementor-element elementor-element-2aa4adf elementor-widget__width-initial elementor-widget elementor-widget-heading\" data-id=\"2aa4adf\" data-element_type=\"widget\" data-e-type=\"widget\" data-widget_type=\"heading.default\">\n\t\t\t\t\t<h5 class=\"elementor-heading-title elementor-size-default\">Collaudi e rilievi acustici<\/h5>\t\t\t\t<\/div>\n\t\t<div class=\"elementor-element elementor-element-1fe1722 e-con-full e-flex e-con e-child\" data-id=\"1fe1722\" data-element_type=\"container\" data-e-type=\"container\">\n\t\t\t\t<div class=\"elementor-element elementor-element-cedf16c elementor-widget elementor-widget-text-editor\" data-id=\"cedf16c\" data-element_type=\"widget\" data-e-type=\"widget\" data-widget_type=\"text-editor.default\">\n\t\t\t\t\t\t\t\t\t<p>Misurazioni di suoni e vibrazioni, misurazioni STI, analisi dei parametri acustici, test di potenza sonora e certificazioni di emissione sonora<\/p>\t\t\t\t\t\t\t\t<\/div>\n\t\t\t\t<\/div>\n\t\t\t\t<\/div>\n\t\t\t\t<\/div>\n\t\t\t\t\t<\/div>\n\t\t\t\t<\/div>\n\t\t<div class=\"elementor-element elementor-element-b1f0b1c e-flex e-con-boxed e-con e-parent\" data-id=\"b1f0b1c\" data-element_type=\"container\" data-e-type=\"container\" data-settings=\"{&quot;background_background&quot;:&quot;classic&quot;}\">\n\t\t\t\t\t<div class=\"e-con-inner\">\n\t\t\t\t<div class=\"elementor-element elementor-element-c4a240d elementor-widget elementor-widget-heading\" data-id=\"c4a240d\" data-element_type=\"widget\" data-e-type=\"widget\" data-widget_type=\"heading.default\">\n\t\t\t\t\t<h3 class=\"elementor-heading-title elementor-size-default\">Team<\/h3>\t\t\t\t<\/div>\n\t\t\t\t\t<\/div>\n\t\t\t\t<\/div>\n\t\t<div class=\"elementor-element elementor-element-430db30 e-flex e-con-boxed e-con e-parent\" data-id=\"430db30\" data-element_type=\"container\" data-e-type=\"container\" data-settings=\"{&quot;background_background&quot;:&quot;classic&quot;}\">\n\t\t\t\t\t<div class=\"e-con-inner\">\n\t\t<div class=\"elementor-element elementor-element-7d2e725 e-con-full e-flex e-con e-child\" data-id=\"7d2e725\" data-element_type=\"container\" data-e-type=\"container\">\n\t\t\t\t<div class=\"elementor-element elementor-element-7a7aa60 elementor-widget elementor-widget-image\" data-id=\"7a7aa60\" data-element_type=\"widget\" data-e-type=\"widget\" data-widget_type=\"image.default\">\n\t\t\t\t\t\t\t\t\t\t\t\t\t\t\t<img fetchpriority=\"high\" decoding=\"async\" width=\"489\" height=\"696\" src=\"https:\/\/www.concreteacoustics.com\/wp-content\/uploads\/2025\/10\/Lucio-Visintini_concrete_acoustics.png\" class=\"attachment-full size-full wp-image-4110\" alt=\"\" srcset=\"https:\/\/www.concreteacoustics.com\/wp-content\/uploads\/2025\/10\/Lucio-Visintini_concrete_acoustics.png 489w, https:\/\/www.concreteacoustics.com\/wp-content\/uploads\/2025\/10\/Lucio-Visintini_concrete_acoustics-211x300.png 211w\" sizes=\"(max-width: 489px) 100vw, 489px\" \/>\t\t\t\t\t\t\t\t\t\t\t\t\t\t\t<\/div>\n\t\t\t\t<\/div>\n\t\t<div class=\"elementor-element elementor-element-4e19f3a e-con-full e-flex e-con e-child\" data-id=\"4e19f3a\" data-element_type=\"container\" data-e-type=\"container\">\n\t\t\t\t<div class=\"elementor-element elementor-element-319eb2d elementor-widget__width-initial elementor-widget elementor-widget-heading\" data-id=\"319eb2d\" data-element_type=\"widget\" data-e-type=\"widget\" data-widget_type=\"heading.default\">\n\t\t\t\t\t<h2 class=\"elementor-heading-title elementor-size-default\">Lucio Visintini<\/h2>\t\t\t\t<\/div>\n\t\t\t\t<div class=\"elementor-element elementor-element-f36b19f elementor-widget__width-initial elementor-widget-mobile__width-inherit elementor-widget elementor-widget-heading\" data-id=\"f36b19f\" data-element_type=\"widget\" data-e-type=\"widget\" data-widget_type=\"heading.default\">\n\t\t\t\t\t<h5 class=\"elementor-heading-title elementor-size-default\">Direttore e Co-fondatore<\/h5>\t\t\t\t<\/div>\n\t\t\t\t<div class=\"elementor-element elementor-element-a5531e1 elementor-widget__width-initial elementor-widget elementor-widget-text-editor\" data-id=\"a5531e1\" data-element_type=\"widget\" data-e-type=\"widget\" data-widget_type=\"text-editor.default\">\n\t\t\t\t\t\t\t\t\t<p><span style=\"font-weight: 400;\">Lucio ha iniziato la sua carriera come consulente acustico nel 1986 e ha fondato Gruppo Concrete Srl due anni dopo.<\/span><\/p><p><span style=\"font-weight: 400;\">Divenne presto un progettista di studi di registrazione molto stimato e, nel 1993, fu riconosciuto come uno dei principali consulenti acustici europei da Pro Sound News. Negli ultimi trent&#8217;anni, Lucio ha progettato pi\u00f9 di cento studi, tra cui una regia digitale all&#8217;interno del Teatro alla Scala di Milano, i Marinastudios di Genova (una struttura all&#8217;avanguardia pioniera della musica multicanale) e vari studi televisivi per Mediaset, il principale broadcaster commerciale italiano. <\/span><\/p><p><span style=\"font-weight: 400;\">Dal 2000 lavora come consulente tecnico per l&#8217;industria aeronautica, specializzandosi nel controllo del rumore delle attrezzature di supporto a terra degli aeromobili. Ha progettato una hush house per Leonardo SpA e una struttura per celle di prova di motori a reazione per Piaggio Aerospace. <\/span><\/p><p><span style=\"font-weight: 400;\">Nel 2007 ha rappresentato Mediaset nel comitato tecnico dell&#8217;Autorit\u00e0 per le Garanzie nelle Comunicazioni e ha contribuito all&#8217;introduzione del controllo del loudness ITU nelle trasmissioni televisive in Italia.<\/span><\/p><p><span style=\"font-weight: 400;\">Lucio ha progettato diverse sale da concerto, teatri, strutture per prove musicali e per l&#8217;insegnamento, lavorando spesso nel contesto di ristrutturazioni di edifici storico-architettonici. Tra i progetti pi\u00f9 significativi figurano l&#8217;Auditorium Monteverdi e la Sala Prove Corali per il Conservatorio di Mantova, l&#8217;Auditorium Paris per il Conservatorio di Frosinone e il rinnovo acustico dello storico teatro della Triennale di Milano. <\/span><\/p><p><span style=\"font-weight: 400;\">Nel 2014-2015 ha collaborato con Rem Koolhaas\/OMA alla progettazione acustica del cinema presso la sede milanese della Fondazione Prada, supervisionando anche la progettazione del sistema audiovisivo. Nel 2020 \u00e8 stato incaricato da Stefano Boeri Architetti come consulente acustico nel concorso internazionale di progettazione architettonica per la Shenzhen Opera House. <\/span><\/p><p><span style=\"font-weight: 400;\">Lucio possiede una vasta esperienza negli studi sul rumore ambientale, che ha spesso condotto per i comuni, inclusi piani e regolamenti di gestione del rumore. Nel 2019 \u00e8 entrato a far parte del team di ingegneria che ha sviluppato lo studio di fattibilit\u00e0 tecnica ed economica (PFTE) per il nuovo stadio San Siro a Milano. Affermatosi come membro fondamentale del team, nel 2022 \u00e8 stato invitato a partecipare come relatore al processo di dibattito pubblico riguardante il masterplan di San Siro e il progetto dello stadio, riferendo sui piani di mitigazione del rumore.  <\/span><\/p><p><span style=\"font-weight: 400;\">Lucio \u00e8 stato docente invitato presso il Politecnico di Milano e tiene regolarmente seminari sul rapporto tra percezione sonora, architettura e paesaggio.<\/span><\/p>\t\t\t\t\t\t\t\t<\/div>\n\t\t\t\t<div class=\"elementor-element elementor-element-912bd1a elementor-widget__width-initial elementor-widget elementor-widget-text-editor\" data-id=\"912bd1a\" data-element_type=\"widget\" data-e-type=\"widget\" data-widget_type=\"text-editor.default\">\n\t\t\t\t\t\t\t\t\t<p><span style=\"font-weight: 400;\">Iscritto come Tecnico Competente in Acustica (ENTECA n\u00b0 2254), come definito dalla legislazione nazionale italiana D.Lgs. 42\/2017.<\/span><\/p>\t\t\t\t\t\t\t\t<\/div>\n\t\t\t\t<\/div>\n\t\t\t\t\t<\/div>\n\t\t\t\t<\/div>\n\t\t<div class=\"elementor-element elementor-element-61ab991 e-flex e-con-boxed e-con e-parent\" data-id=\"61ab991\" data-element_type=\"container\" data-e-type=\"container\" data-settings=\"{&quot;background_background&quot;:&quot;classic&quot;}\">\n\t\t\t\t\t<div class=\"e-con-inner\">\n\t\t<div class=\"elementor-element elementor-element-deb697d e-con-full e-flex e-con e-child\" data-id=\"deb697d\" data-element_type=\"container\" data-e-type=\"container\">\n\t\t\t\t<div class=\"elementor-element elementor-element-5330d3a elementor-widget__width-initial elementor-widget elementor-widget-heading\" data-id=\"5330d3a\" data-element_type=\"widget\" data-e-type=\"widget\" data-widget_type=\"heading.default\">\n\t\t\t\t\t<h2 class=\"elementor-heading-title elementor-size-default\">Patrizia<br \/>Buzzi<\/h2>\t\t\t\t<\/div>\n\t\t\t\t<div class=\"elementor-element elementor-element-4d9c18e elementor-widget__width-initial elementor-widget-mobile__width-inherit elementor-widget elementor-widget-heading\" data-id=\"4d9c18e\" data-element_type=\"widget\" data-e-type=\"widget\" data-widget_type=\"heading.default\">\n\t\t\t\t\t<h5 class=\"elementor-heading-title elementor-size-default\">Architetto e Co-fondatrice<\/h5>\t\t\t\t<\/div>\n\t\t\t\t<div class=\"elementor-element elementor-element-865d653 elementor-widget__width-initial elementor-widget elementor-widget-text-editor\" data-id=\"865d653\" data-element_type=\"widget\" data-e-type=\"widget\" data-widget_type=\"text-editor.default\">\n\t\t\t\t\t\t\t\t\t<p><span style=\"font-weight: 400;\">Patrizia si \u00e8 laureata in architettura al Politecnico di Milano nel 1987, con una tesi sul restauro architettonico. Ha iniziato a lavorare come libera professionista e ha co-fondato Gruppo Concrete Srl nel 1988. <\/span><\/p><p><span style=\"font-weight: 400;\">La sua principale area di competenza risiede nell&#8217;architettura pubblica e nell&#8217;architettura del paesaggio. <\/span><\/p><p><span style=\"font-weight: 400;\">Il suo ruolo consiste nel valorizzare la qualit\u00e0 estetica degli edifici e nel garantire la fornitura di soluzioni progettuali uniche per ogni cliente. Il ruolo di Patrizia nel progetto comprende la scelta dei materiali e degli arredi, il coordinamento dei colori, la progettazione esecutiva, la direzione lavori in cantiere, nonch\u00e9 la gestione di fornitori e appaltatori. <\/span><\/p><p><span style=\"font-weight: 400;\">Nel 2021-2023 \u00e8 stata coinvolta nel completamento della nuova sala da concerto annessa al Liceo Piero Gobetti di Omegna. Tra i suoi progetti pi\u00f9 significativi vi \u00e8 la progettazione e la direzione della riconversione di Palazzo Verbania a Luino, edificio storico situato sul lungolago del Lago Maggiore, in un centro culturale che ospita gli archivi degli scrittori Piero Chiara e Vittorio Sereni (2014-2019). Per lo stesso comune, \u00e8 stata in precedenza responsabile del restauro delle facciate del municipio e dell&#8217;ampliamento dei due cimiteri cittadini. Nel 2011 ha progettato un complesso per la produzione musicale nell&#8217;entroterra ligure. Il suo portfolio nel settore privato comprende vari progetti residenziali e per uffici.    <\/span><\/p><p><span style=\"font-weight: 400;\">Dal 1997 \u00e8 socio effettivo dell&#8217;Istituto Nazionale di Urbanistica (INU) e membro del comitato direttivo della sezione Lombardia. Dal 2015 al 2019 ha ricoperto il ruolo di esperto nella Commissione Regionale Lombarda per il Paesaggio dell&#8217;alta pianura e delle aree urbane ad alta densit\u00e0<\/span><span style=\"font-weight: 400;\">, <\/span><span style=\"font-weight: 400;\">e successivamente per le colline e i grandi laghi. Gi\u00e0 membro della commissione dell&#8217;Ordine degli Architetti di Varese, ha dato un contributo sostanziale all&#8217;organizzazione di eventi culturali legati a diversi ambiti della professione.<\/span><\/p><p><span style=\"font-weight: 400;\">Patrizia \u00e8 stata professore a contratto di Tecnologia dell&#8217;Architettura presso il Politecnico di Milano dal 2005 al 2020.<\/span><\/p>\t\t\t\t\t\t\t\t<\/div>\n\t\t\t\t<div class=\"elementor-element elementor-element-16f79ad elementor-widget__width-initial elementor-widget elementor-widget-text-editor\" data-id=\"16f79ad\" data-element_type=\"widget\" data-e-type=\"widget\" data-widget_type=\"text-editor.default\">\n\t\t\t\t\t\t\t\t\t<p><span style=\"font-weight: 400;\">Architetto abilitato, iscritta all&#8217;Ordine degli Architetti della Provincia di Varese (OAPPC n\u00b0 827) dal 1988.<\/span><\/p>\t\t\t\t\t\t\t\t<\/div>\n\t\t\t\t<\/div>\n\t\t<div class=\"elementor-element elementor-element-1868e3c e-con-full e-flex e-con e-child\" data-id=\"1868e3c\" data-element_type=\"container\" data-e-type=\"container\">\n\t\t\t\t<div class=\"elementor-element elementor-element-2f5166a elementor-widget elementor-widget-image\" data-id=\"2f5166a\" data-element_type=\"widget\" data-e-type=\"widget\" data-widget_type=\"image.default\">\n\t\t\t\t\t\t\t\t\t\t\t\t\t\t\t<img decoding=\"async\" width=\"489\" height=\"696\" src=\"https:\/\/www.concreteacoustics.com\/wp-content\/uploads\/2026\/03\/Patrizia-Buzzi_concrete_acoustics-copia.webp\" class=\"attachment-full size-full wp-image-4112\" alt=\"\" srcset=\"https:\/\/www.concreteacoustics.com\/wp-content\/uploads\/2026\/03\/Patrizia-Buzzi_concrete_acoustics-copia.webp 489w, https:\/\/www.concreteacoustics.com\/wp-content\/uploads\/2026\/03\/Patrizia-Buzzi_concrete_acoustics-copia-211x300.webp 211w\" sizes=\"(max-width: 489px) 100vw, 489px\" \/>\t\t\t\t\t\t\t\t\t\t\t\t\t\t\t<\/div>\n\t\t\t\t<\/div>\n\t\t\t\t\t<\/div>\n\t\t\t\t<\/div>\n\t\t<div class=\"elementor-element elementor-element-6caef80 e-flex e-con-boxed e-con e-parent\" data-id=\"6caef80\" data-element_type=\"container\" data-e-type=\"container\" data-settings=\"{&quot;background_background&quot;:&quot;classic&quot;}\">\n\t\t\t\t\t<div class=\"e-con-inner\">\n\t\t<div class=\"elementor-element elementor-element-6bac3c9 e-con-full e-flex e-con e-child\" data-id=\"6bac3c9\" data-element_type=\"container\" data-e-type=\"container\">\n\t\t\t\t<div class=\"elementor-element elementor-element-2aca862 elementor-widget elementor-widget-image\" data-id=\"2aca862\" data-element_type=\"widget\" data-e-type=\"widget\" data-widget_type=\"image.default\">\n\t\t\t\t\t\t\t\t\t\t\t\t\t\t\t<img decoding=\"async\" width=\"489\" height=\"696\" src=\"https:\/\/www.concreteacoustics.com\/wp-content\/uploads\/2025\/10\/Marco-Verdi_concrete_acoustics.png\" class=\"attachment-full size-full wp-image-4111\" alt=\"\" srcset=\"https:\/\/www.concreteacoustics.com\/wp-content\/uploads\/2025\/10\/Marco-Verdi_concrete_acoustics.png 489w, https:\/\/www.concreteacoustics.com\/wp-content\/uploads\/2025\/10\/Marco-Verdi_concrete_acoustics-211x300.png 211w\" sizes=\"(max-width: 489px) 100vw, 489px\" \/>\t\t\t\t\t\t\t\t\t\t\t\t\t\t\t<\/div>\n\t\t\t\t<\/div>\n\t\t<div class=\"elementor-element elementor-element-384096c e-con-full e-flex e-con e-child\" data-id=\"384096c\" data-element_type=\"container\" data-e-type=\"container\">\n\t\t\t\t<div class=\"elementor-element elementor-element-ffa7ec4 elementor-widget__width-initial elementor-widget elementor-widget-heading\" data-id=\"ffa7ec4\" data-element_type=\"widget\" data-e-type=\"widget\" data-widget_type=\"heading.default\">\n\t\t\t\t\t<h2 class=\"elementor-heading-title elementor-size-default\">Marco Verdi<\/h2>\t\t\t\t<\/div>\n\t\t\t\t<div class=\"elementor-element elementor-element-64357ce elementor-widget__width-initial elementor-widget-mobile__width-inherit elementor-widget elementor-widget-heading\" data-id=\"64357ce\" data-element_type=\"widget\" data-e-type=\"widget\" data-widget_type=\"heading.default\">\n\t\t\t\t\t<h5 class=\"elementor-heading-title elementor-size-default\">Consulente acustico<\/h5>\t\t\t\t<\/div>\n\t\t\t\t<div class=\"elementor-element elementor-element-e3e9eaf elementor-widget__width-initial elementor-widget elementor-widget-text-editor\" data-id=\"e3e9eaf\" data-element_type=\"widget\" data-e-type=\"widget\" data-widget_type=\"text-editor.default\">\n\t\t\t\t\t\t\t\t\t<p><span style=\"font-weight: 400;\">Marco fa parte di Concrete Acoustics dal 2014, dopo essersi laureato al Politecnico di Milano con una laurea magistrale in Sound and Music Engineering. Nel corso degli anni ha contribuito a diversi progetti di acustica architettonica e ambientale, che spaziano da sale da concerto e studi di produzione audiovisiva a luoghi di lavoro e impianti industriali. Ha sviluppato una significativa esperienza in diverse discipline acustiche, guidando progetti in Italia e in Svizzera.  <\/span><\/p><p><span style=\"font-weight: 400;\">In precedenza ha maturato un&#8217;esperienza di ricerca lavorando su tecniche innovative di imaging acustico per la caratterizzazione acustica degli ambienti, in collaborazione con la Chalmers University of Technology di G\u00f6teborg e la Radio e Televisione Svedese (SR\/SVT).<\/span><\/p><p><span style=\"font-weight: 400;\">\u00c8 responsabile delle misurazioni di suoni e vibrazioni in loco, dell&#8217;analisi dei dati e della modellazione. Vanta una vasta esperienza nelle tecniche di previsione computerizzata ed \u00e8 esperto nell&#8217;uso di software di modellazione dell&#8217;acustica architettonica e del rumore ambientale. <\/span><\/p><p><span style=\"font-weight: 400;\">Nel 2022 \u00e8 stato incaricato dall&#8217;architetto Andrea Caputo come consulente acustico nel concorso di progettazione architettonica per il nuovo campus del Conservatorio di Milano, Bosco della Musica, che si \u00e8 aggiudicato il terzo premio. Nel 2018 ha collaborato con l&#8217;artista musicale Lorenzo Senni a un&#8217;installazione permanente di sound art per l&#8217;Unit\u00e0 di Terapia Intensiva dell&#8217;ospedale di Bergamo, fornendo una consulenza acustica a tutto tondo, inclusa la progettazione del sistema sonoro. <\/span><\/p><p><span style=\"font-weight: 400;\">Marco partecipa regolarmente a conferenze e workshop internazionali, anche in qualit\u00e0 di relatore. Fa parte di una rete di ricerca sui media immersivi guidata dall&#8217;Universit\u00e0 di Scienze Applicate di Darmstadt sin dalla sua fondazione. \u00c8 profondamente interessato all&#8217;ecologia del suono, alle pratiche di ascolto e agli studi sul paesaggio sonoro nell&#8217;ambiente urbano.  <\/span><\/p>\t\t\t\t\t\t\t\t<\/div>\n\t\t\t\t<div class=\"elementor-element elementor-element-f3e768a elementor-widget__width-initial elementor-widget elementor-widget-text-editor\" data-id=\"f3e768a\" data-element_type=\"widget\" data-e-type=\"widget\" data-widget_type=\"text-editor.default\">\n\t\t\t\t\t\t\t\t\t<p><span style=\"font-weight: 400;\">Iscritto come Tecnico Competente in Acustica (ENTECA n\u00b0 2246), come definito dalla legislazione nazionale italiana D.Lgs. 42\/2017.<\/span><\/p>\t\t\t\t\t\t\t\t<\/div>\n\t\t\t\t<\/div>\n\t\t\t\t<div class=\"elementor-element elementor-element-2405dac elementor-widget elementor-widget-html\" data-id=\"2405dac\" data-element_type=\"widget\" data-e-type=\"widget\" data-widget_type=\"html.default\">\n\t\t\t\t\t<script>(() => {\n  const main = document.querySelector('.main_container');\n  if (!main) return;\n\n  \/\/ spacer per evitare \u201csalti\u201d di layout quando fissiamo l\u2019elemento\n  const spacer = document.createElement('div');\n  spacer.style.height = '0px';\n  main.after(spacer);\n\n  let absTop = 0, height = 0, threshold = 0;\n\n  const measure = () => {\n    \/\/ reset per misurare correttamente anche se era gi\u00e0 fixed\n    main.classList.remove('is-fixed');\n    spacer.style.height = '0px';\n\n    const rect = main.getBoundingClientRect();\n    absTop   = window.scrollY + rect.top;   \/\/ offset assoluto della sezione\n    height   = rect.height;\n    threshold = absTop + height - window.innerHeight; \/\/ quando il fondo tocca il fondo viewport\n    onScroll();\n  };\n\n  const onScroll = () => {\n    const y = window.scrollY;\n    if (y >= threshold) {\n      if (!main.classList.contains('is-fixed')) {\n        spacer.style.height = height + 'px'; \/\/ preserva lo spazio occupato\n        main.classList.add('is-fixed');\n      }\n    } else {\n      if (main.classList.contains('is-fixed')) {\n        main.classList.remove('is-fixed');\n        spacer.style.height = '0px';\n      }\n    }\n  };\n\n  \/\/ init + aggiornamenti\n  window.addEventListener('scroll', onScroll, { passive: true });\n  window.addEventListener('resize', measure);\n  new ResizeObserver(measure).observe(main);\n  window.addEventListener('load', measure);\n  measure();\n})();\n<\/script><script>(() => {\n  \/\/ Config: margine opzionale per \u201cpin\u201d anticipato (px). 0 = al pixel esatto.\n  const PIN_OFFSET = 0;\n\n  \/\/ Trova tutte le sezioni \u201cpinnabili\u201d\n  const sections = Array.from(document.querySelectorAll('.pin-end'));\n  if (!sections.length) return;\n\n  \/\/ Per ogni sezione creiamo uno spacer e prepariamo i dati\n  const state = sections.map(sec => {\n    const spacer = document.createElement('div');\n    spacer.className = 'pin-spacer';\n    spacer.style.height = '0px';\n    sec.after(spacer);\n    return { sec, spacer, absTop: 0, height: 0, threshold: 0 };\n  });\n\n  const measureOne = (s) => {\n    \/\/ togli il fixed per misurare correttamente\n    s.sec.classList.remove('is-fixed');\n    s.spacer.style.height = '0px';\n\n    const rect = s.sec.getBoundingClientRect();\n    s.absTop    = window.scrollY + rect.top;\n    s.height    = rect.height;\n    \/\/ quando il fondo della sezione tocca il fondo del viewport\n    s.threshold = s.absTop + s.height - window.innerHeight - PIN_OFFSET;\n  };\n\n  const measureAll = () => {\n    state.forEach(measureOne);\n    onScroll(); \/\/ forziamo uno stato coerente dopo le misure\n  };\n\n  const onScroll = () => {\n    const y = window.scrollY;\n\n    for (const s of state) {\n      if (y >= s.threshold) {\n        \/\/ fissa in basso e preserva lo spazio per non far \u201csaltare\u201d il layout\n        if (!s.sec.classList.contains('is-fixed')) {\n          s.spacer.style.height = s.height + 'px';\n          s.sec.classList.add('is-fixed');\n        }\n      } else {\n        if (s.sec.classList.contains('is-fixed')) {\n          s.sec.classList.remove('is-fixed');\n          s.spacer.style.height = '0px';\n        }\n      }\n    }\n  };\n\n  \/\/ Aggiornamenti su resize e su cambi di contenuto (Elementor animazioni, immagini, ecc.)\n  window.addEventListener('scroll', onScroll, { passive: true });\n  window.addEventListener('resize', measureAll);\n  window.addEventListener('load', measureAll);\n\n  \/\/ Riosserva variazioni di altezza di ogni sezione (contenuti dinamici)\n  const ro = new ResizeObserver(() => measureAll());\n  state.forEach(s => ro.observe(s.sec));\n\n  measureAll();\n})();\n<\/script>\t\t\t\t<\/div>\n\t\t\t\t\t<\/div>\n\t\t\t\t<\/div>\n\t\t\t\t<\/div>\n\t\t","protected":false},"excerpt":{"rendered":"<p>Ci impegniamo a creare ambienti sonori ottimali Chi siamo Fondata nel 1988 dai soci Lucio Visintini e Patrizia Buzzi, Gruppo Concrete Srl \u00e8 una societ\u00e0 di ingegneria con una lunga esperienza in acustica, elettroacustica e vibrazioni. Dopo tre decenni di storia, abbiamo adottato il marchio Concrete Acoustics proprio per sottolineare la specificit\u00e0 del nostro campo [&hellip;]<\/p>\n","protected":false},"author":1,"featured_media":0,"parent":0,"menu_order":0,"comment_status":"closed","ping_status":"closed","template":"","meta":{"_acf_changed":false,"footnotes":""},"class_list":["post-4109","page","type-page","status-publish","hentry"],"acf":[],"yoast_head":"<!-- This site is optimized with the Yoast SEO plugin v28.1 - https:\/\/yoast.com\/product\/yoast-seo-wordpress\/ -->\n<title>Chi siamo - Concrete Acoustics<\/title>\n<meta name=\"robots\" content=\"index, follow, max-snippet:-1, max-image-preview:large, max-video-preview:-1\" \/>\n<link rel=\"canonical\" href=\"https:\/\/www.concreteacoustics.com\/it\/chi-siamo\/\" \/>\n<meta property=\"og:locale\" content=\"it_IT\" \/>\n<meta property=\"og:type\" content=\"article\" \/>\n<meta property=\"og:title\" content=\"Chi siamo - Concrete Acoustics\" \/>\n<meta property=\"og:description\" content=\"Ci impegniamo a creare ambienti sonori ottimali Chi siamo Fondata nel 1988 dai soci Lucio Visintini e Patrizia Buzzi, Gruppo Concrete Srl \u00e8 una societ\u00e0 di ingegneria con una lunga esperienza in acustica, elettroacustica e vibrazioni. Dopo tre decenni di storia, abbiamo adottato il marchio Concrete Acoustics proprio per sottolineare la specificit\u00e0 del nostro campo [&hellip;]\" \/>\n<meta property=\"og:url\" content=\"https:\/\/www.concreteacoustics.com\/it\/chi-siamo\/\" \/>\n<meta property=\"og:site_name\" content=\"Concrete Acoustics\" \/>\n<meta property=\"article:modified_time\" content=\"2026-07-31T09:25:31+00:00\" \/>\n<meta property=\"og:image\" content=\"https:\/\/www.concreteacoustics.com\/wp-content\/uploads\/2025\/10\/Lucio-Visintini_concrete_acoustics.png\" \/>\n\t<meta property=\"og:image:width\" content=\"489\" \/>\n\t<meta property=\"og:image:height\" content=\"696\" \/>\n\t<meta property=\"og:image:type\" content=\"image\/png\" \/>\n<meta name=\"twitter:card\" content=\"summary_large_image\" \/>\n<meta name=\"twitter:label1\" content=\"Tempo di lettura stimato\" \/>\n\t<meta name=\"twitter:data1\" content=\"8 minuti\" \/>\n<script type=\"application\/ld+json\" class=\"yoast-schema-graph\">{\"@context\":\"https:\\\/\\\/schema.org\",\"@graph\":[{\"@type\":\"WebPage\",\"@id\":\"https:\\\/\\\/www.concreteacoustics.com\\\/it\\\/chi-siamo\\\/\",\"url\":\"https:\\\/\\\/www.concreteacoustics.com\\\/it\\\/chi-siamo\\\/\",\"name\":\"Chi siamo - Concrete Acoustics\",\"isPartOf\":{\"@id\":\"https:\\\/\\\/www.concreteacoustics.com\\\/it\\\/#website\"},\"primaryImageOfPage\":{\"@id\":\"https:\\\/\\\/www.concreteacoustics.com\\\/it\\\/chi-siamo\\\/#primaryimage\"},\"image\":{\"@id\":\"https:\\\/\\\/www.concreteacoustics.com\\\/it\\\/chi-siamo\\\/#primaryimage\"},\"thumbnailUrl\":\"https:\\\/\\\/www.concreteacoustics.com\\\/wp-content\\\/uploads\\\/2025\\\/10\\\/Lucio-Visintini_concrete_acoustics.png\",\"datePublished\":\"2025-10-03T16:16:49+00:00\",\"dateModified\":\"2026-07-31T09:25:31+00:00\",\"breadcrumb\":{\"@id\":\"https:\\\/\\\/www.concreteacoustics.com\\\/it\\\/chi-siamo\\\/#breadcrumb\"},\"inLanguage\":\"it-IT\",\"potentialAction\":[{\"@type\":\"ReadAction\",\"target\":[\"https:\\\/\\\/www.concreteacoustics.com\\\/it\\\/chi-siamo\\\/\"]}]},{\"@type\":\"ImageObject\",\"inLanguage\":\"it-IT\",\"@id\":\"https:\\\/\\\/www.concreteacoustics.com\\\/it\\\/chi-siamo\\\/#primaryimage\",\"url\":\"https:\\\/\\\/www.concreteacoustics.com\\\/wp-content\\\/uploads\\\/2025\\\/10\\\/Lucio-Visintini_concrete_acoustics.png\",\"contentUrl\":\"https:\\\/\\\/www.concreteacoustics.com\\\/wp-content\\\/uploads\\\/2025\\\/10\\\/Lucio-Visintini_concrete_acoustics.png\"},{\"@type\":\"BreadcrumbList\",\"@id\":\"https:\\\/\\\/www.concreteacoustics.com\\\/it\\\/chi-siamo\\\/#breadcrumb\",\"itemListElement\":[{\"@type\":\"ListItem\",\"position\":1,\"name\":\"Home\",\"item\":\"https:\\\/\\\/www.concreteacoustics.com\\\/it\\\/\"},{\"@type\":\"ListItem\",\"position\":2,\"name\":\"Chi siamo\"}]},{\"@type\":\"WebSite\",\"@id\":\"https:\\\/\\\/www.concreteacoustics.com\\\/it\\\/#website\",\"url\":\"https:\\\/\\\/www.concreteacoustics.com\\\/it\\\/\",\"name\":\"Concrete Acoustics\",\"description\":\"My WordPress Blog\",\"publisher\":{\"@id\":\"https:\\\/\\\/www.concreteacoustics.com\\\/it\\\/#organization\"},\"potentialAction\":[{\"@type\":\"SearchAction\",\"target\":{\"@type\":\"EntryPoint\",\"urlTemplate\":\"https:\\\/\\\/www.concreteacoustics.com\\\/it\\\/?s={search_term_string}\"},\"query-input\":{\"@type\":\"PropertyValueSpecification\",\"valueRequired\":true,\"valueName\":\"search_term_string\"}}],\"inLanguage\":\"it-IT\"},{\"@type\":\"Organization\",\"@id\":\"https:\\\/\\\/www.concreteacoustics.com\\\/it\\\/#organization\",\"name\":\"Concrete Acoustics\",\"url\":\"https:\\\/\\\/www.concreteacoustics.com\\\/it\\\/\",\"logo\":{\"@type\":\"ImageObject\",\"inLanguage\":\"it-IT\",\"@id\":\"https:\\\/\\\/www.concreteacoustics.com\\\/it\\\/#\\\/schema\\\/logo\\\/image\\\/\",\"url\":\"https:\\\/\\\/www.concreteacoustics.com\\\/wp-content\\\/uploads\\\/2025\\\/09\\\/concrete_acoustics_logo.svg\",\"contentUrl\":\"https:\\\/\\\/www.concreteacoustics.com\\\/wp-content\\\/uploads\\\/2025\\\/09\\\/concrete_acoustics_logo.svg\",\"width\":195,\"height\":32,\"caption\":\"Concrete Acoustics\"},\"image\":{\"@id\":\"https:\\\/\\\/www.concreteacoustics.com\\\/it\\\/#\\\/schema\\\/logo\\\/image\\\/\"},\"sameAs\":[\"https:\\\/\\\/www.linkedin.com\\\/company\\\/concrete-acoustics\\\/\",\"https:\\\/\\\/www.instagram.com\\\/concreteacoustics\"]}]}<\/script>\n<!-- \/ Yoast SEO plugin. -->","yoast_head_json":{"title":"Chi siamo - Concrete Acoustics","robots":{"index":"index","follow":"follow","max-snippet":"max-snippet:-1","max-image-preview":"max-image-preview:large","max-video-preview":"max-video-preview:-1"},"canonical":"https:\/\/www.concreteacoustics.com\/it\/chi-siamo\/","og_locale":"it_IT","og_type":"article","og_title":"Chi siamo - Concrete Acoustics","og_description":"Ci impegniamo a creare ambienti sonori ottimali Chi siamo Fondata nel 1988 dai soci Lucio Visintini e Patrizia Buzzi, Gruppo Concrete Srl \u00e8 una societ\u00e0 di ingegneria con una lunga esperienza in acustica, elettroacustica e vibrazioni. Dopo tre decenni di storia, abbiamo adottato il marchio Concrete Acoustics proprio per sottolineare la specificit\u00e0 del nostro campo [&hellip;]","og_url":"https:\/\/www.concreteacoustics.com\/it\/chi-siamo\/","og_site_name":"Concrete Acoustics","article_modified_time":"2026-07-31T09:25:31+00:00","og_image":[{"width":489,"height":696,"url":"https:\/\/www.concreteacoustics.com\/wp-content\/uploads\/2025\/10\/Lucio-Visintini_concrete_acoustics.png","type":"image\/png"}],"twitter_card":"summary_large_image","twitter_misc":{"Tempo di lettura stimato":"8 minuti"},"schema":{"@context":"https:\/\/schema.org","@graph":[{"@type":"WebPage","@id":"https:\/\/www.concreteacoustics.com\/it\/chi-siamo\/","url":"https:\/\/www.concreteacoustics.com\/it\/chi-siamo\/","name":"Chi siamo - Concrete Acoustics","isPartOf":{"@id":"https:\/\/www.concreteacoustics.com\/it\/#website"},"primaryImageOfPage":{"@id":"https:\/\/www.concreteacoustics.com\/it\/chi-siamo\/#primaryimage"},"image":{"@id":"https:\/\/www.concreteacoustics.com\/it\/chi-siamo\/#primaryimage"},"thumbnailUrl":"https:\/\/www.concreteacoustics.com\/wp-content\/uploads\/2025\/10\/Lucio-Visintini_concrete_acoustics.png","datePublished":"2025-10-03T16:16:49+00:00","dateModified":"2026-07-31T09:25:31+00:00","breadcrumb":{"@id":"https:\/\/www.concreteacoustics.com\/it\/chi-siamo\/#breadcrumb"},"inLanguage":"it-IT","potentialAction":[{"@type":"ReadAction","target":["https:\/\/www.concreteacoustics.com\/it\/chi-siamo\/"]}]},{"@type":"ImageObject","inLanguage":"it-IT","@id":"https:\/\/www.concreteacoustics.com\/it\/chi-siamo\/#primaryimage","url":"https:\/\/www.concreteacoustics.com\/wp-content\/uploads\/2025\/10\/Lucio-Visintini_concrete_acoustics.png","contentUrl":"https:\/\/www.concreteacoustics.com\/wp-content\/uploads\/2025\/10\/Lucio-Visintini_concrete_acoustics.png"},{"@type":"BreadcrumbList","@id":"https:\/\/www.concreteacoustics.com\/it\/chi-siamo\/#breadcrumb","itemListElement":[{"@type":"ListItem","position":1,"name":"Home","item":"https:\/\/www.concreteacoustics.com\/it\/"},{"@type":"ListItem","position":2,"name":"Chi siamo"}]},{"@type":"WebSite","@id":"https:\/\/www.concreteacoustics.com\/it\/#website","url":"https:\/\/www.concreteacoustics.com\/it\/","name":"Concrete Acoustics","description":"My WordPress Blog","publisher":{"@id":"https:\/\/www.concreteacoustics.com\/it\/#organization"},"potentialAction":[{"@type":"SearchAction","target":{"@type":"EntryPoint","urlTemplate":"https:\/\/www.concreteacoustics.com\/it\/?s={search_term_string}"},"query-input":{"@type":"PropertyValueSpecification","valueRequired":true,"valueName":"search_term_string"}}],"inLanguage":"it-IT"},{"@type":"Organization","@id":"https:\/\/www.concreteacoustics.com\/it\/#organization","name":"Concrete Acoustics","url":"https:\/\/www.concreteacoustics.com\/it\/","logo":{"@type":"ImageObject","inLanguage":"it-IT","@id":"https:\/\/www.concreteacoustics.com\/it\/#\/schema\/logo\/image\/","url":"https:\/\/www.concreteacoustics.com\/wp-content\/uploads\/2025\/09\/concrete_acoustics_logo.svg","contentUrl":"https:\/\/www.concreteacoustics.com\/wp-content\/uploads\/2025\/09\/concrete_acoustics_logo.svg","width":195,"height":32,"caption":"Concrete Acoustics"},"image":{"@id":"https:\/\/www.concreteacoustics.com\/it\/#\/schema\/logo\/image\/"},"sameAs":["https:\/\/www.linkedin.com\/company\/concrete-acoustics\/","https:\/\/www.instagram.com\/concreteacoustics"]}]}},"_links":{"self":[{"href":"https:\/\/www.concreteacoustics.com\/it\/wp-json\/wp\/v2\/pages\/4109","targetHints":{"allow":["GET"]}}],"collection":[{"href":"https:\/\/www.concreteacoustics.com\/it\/wp-json\/wp\/v2\/pages"}],"about":[{"href":"https:\/\/www.concreteacoustics.com\/it\/wp-json\/wp\/v2\/types\/page"}],"author":[{"embeddable":true,"href":"https:\/\/www.concreteacoustics.com\/it\/wp-json\/wp\/v2\/users\/1"}],"replies":[{"embeddable":true,"href":"https:\/\/www.concreteacoustics.com\/it\/wp-json\/wp\/v2\/comments?post=4109"}],"version-history":[{"count":7,"href":"https:\/\/www.concreteacoustics.com\/it\/wp-json\/wp\/v2\/pages\/4109\/revisions"}],"predecessor-version":[{"id":4664,"href":"https:\/\/www.concreteacoustics.com\/it\/wp-json\/wp\/v2\/pages\/4109\/revisions\/4664"}],"wp:attachment":[{"href":"https:\/\/www.concreteacoustics.com\/it\/wp-json\/wp\/v2\/media?parent=4109"}],"curies":[{"name":"wp","href":"https:\/\/api.w.org\/{rel}","templated":true}]}}